{"id":52744,"date":"2026-07-18T09:31:09","date_gmt":"2026-07-18T09:31:09","guid":{"rendered":"https:\/\/casaspanishhomes.com\/?post_type=property&#038;p=52744"},"modified":"2026-08-07T09:39:32","modified_gmt":"2026-08-07T09:39:32","slug":"242c","status":"publish","type":"property","link":"https:\/\/casaspanishhomes.com\/fr\/property\/242c\/","title":{"rendered":"Appartement au rez-de-chauss\u00e9e dans la r\u00e9sidence Elisa Bay, Torre Horada"},"content":{"rendered":"<p class=\"has-text-align-center wp-block-paragraph\">Nous sommes ravis de vous pr\u00e9senter cette propri\u00e9t\u00e9 magnifiquement entretenue. <strong>appartement au rez-de-chauss\u00e9e expos\u00e9 au sud<\/strong>, id\u00e9alement situ\u00e9 dans le quartier tr\u00e8s pris\u00e9 <strong>R\u00e9sidence Elisa Bay<\/strong> dans la ville c\u00f4ti\u00e8re de <strong>Torre de la Horadada<\/strong>. Id\u00e9alement situ\u00e9e juste en face des magnifiques jardins communs et des deux piscines de la r\u00e9sidence, cette propri\u00e9t\u00e9 offre une combinaison exceptionnelle de confort, de commodit\u00e9 et de style de vie m\u00e9diterran\u00e9en.<br><br>Torre de la Horadada est l&#039;une des destinations baln\u00e9aires les plus pris\u00e9es du sud de la Costa Blanca, r\u00e9put\u00e9e pour ses magnifiques plages Pavillon Bleu, ses eaux cristallines et son atmosph\u00e8re c\u00f4ti\u00e8re d\u00e9contract\u00e9e. La r\u00e9gion offre un merveilleux m\u00e9lange de charme espagnol traditionnel et de commodit\u00e9s modernes, avec un excellent choix de caf\u00e9s, restaurants, supermarch\u00e9s, boutiques et infrastructures de loisirs facilement accessibles. Le port de plaisance pittoresque, la promenade du front de mer et les plages de sable fin sont parfaits pour en profiter toute l&#039;ann\u00e9e, tandis que les amateurs de golf appr\u00e9cieront la vari\u00e9t\u00e9 de parcours de championnat situ\u00e9s \u00e0 quelques minutes en voiture.<br><br>La propri\u00e9t\u00e9 b\u00e9n\u00e9ficie \u00e9galement d&#039;excellentes liaisons de transport, avec \u00e0 la fois <strong>A\u00e9roport international de Murcie<\/strong> et <strong>A\u00e9roport international d&#039;Alicante<\/strong> Facilement accessible, ce qui en fait un choix id\u00e9al pour y vivre \u00e0 l&#039;ann\u00e9e, y passer des vacances ou investir.<br><br>Offre d&#039;environ <strong>60 m\u00b2 d&#039;espace de vie lumineux et bien agenc\u00e9<\/strong>, Ce bel appartement a \u00e9t\u00e9 con\u00e7u pour optimiser le confort et la lumi\u00e8re naturelle.<br><br>Le vaste espace de vie ouvert, comprenant salon et salle \u00e0 manger, se prolonge harmonieusement vers la cuisine moderne \u00e9quip\u00e9e, cr\u00e9ant ainsi un environnement convivial pour le quotidien et les r\u00e9ceptions. La cuisine donne directement acc\u00e8s \u00e0 un espace de rangement pratique. <strong>terrasse arri\u00e8re de 12 m\u00b2<\/strong>, offrant un espace ext\u00e9rieur suppl\u00e9mentaire id\u00e9al pour le rangement, la lessive ou la d\u00e9tente en toute intimit\u00e9.<br><br>L&#039;appartement comprend <strong>deux chambres de taille g\u00e9n\u00e9reuse<\/strong>, y compris une chambre principale avec sa propre <strong>salle de bains attenante<\/strong>, ainsi qu&#039;une deuxi\u00e8me salle de bains familiale moderne aux finitions haut de gamme.<br><br>L&#039;un des atouts majeurs de cette propri\u00e9t\u00e9 r\u00e9side dans ses magnifiques espaces de vie ext\u00e9rieurs. \u00c0 l&#039;avant, un <strong>terrasse couverte de 8 m\u00b2<\/strong> Il donne sur les jardins communs et les piscines magnifiquement entretenus, offrant un cadre id\u00e9al pour prendre un petit-d\u00e9jeuner au soleil ou se d\u00e9tendre en soir\u00e9e. De plus, <strong>jardin carrel\u00e9 de 15 m\u00b2 \u00e0 l&#039;avant<\/strong> Elle offre un espace g\u00e9n\u00e9reux pour bronzer, d\u00eener en plein air ou recevoir famille et amis tout en profitant pleinement du climat m\u00e9diterran\u00e9en exceptionnel de la r\u00e9gion.<br><br>La propri\u00e9t\u00e9 est propos\u00e9e <strong>enti\u00e8rement meubl\u00e9<\/strong>, avec <strong>climatisation<\/strong>, permettant ainsi aux nouveaux propri\u00e9taires d&#039;emm\u00e9nager imm\u00e9diatement sans aucun investissement suppl\u00e9mentaire.<br><br>Les r\u00e9sidents d&#039;Elisa Bay b\u00e9n\u00e9ficient d&#039;un acc\u00e8s \u00e0 de superbes installations communes, notamment <strong>deux grandes piscines<\/strong>, de magnifiques jardins paysagers et un espace d\u00e9di\u00e9 <strong>aire de jeux pour enfants<\/strong>, cr\u00e9ant ainsi un environnement s\u00fbr et accueillant pour les familles et les visiteurs de tous \u00e2ges.<br><br>Que vous recherchiez une r\u00e9sidence principale \u00e9l\u00e9gante en bord de mer, une maison de vacances facile \u00e0 entretenir ou un bien immobilier avec un excellent potentiel locatif, ce superbe appartement offre une opportunit\u00e9 exceptionnelle de profiter de l&#039;un des emplacements les plus pris\u00e9s de la Costa Blanca Sud.<br><br><strong>Une visite rapide est fortement recommand\u00e9e pour appr\u00e9cier pleinement tout ce que cette maison exceptionnelle et son emplacement fantastique ont \u00e0 offrir !<\/strong><br><br><br><strong>IBI : 287 \u20ac<br>Charges de copropri\u00e9t\u00e9 : 45 \u20ac\/mois<\/strong><\/p>","protected":false},"excerpt":{"rendered":"<p>We are delighted to present this beautifully maintained south-facing ground floor apartment, ideally located within the highly sought-after Residencial Elisa Bay in the coastal town of Torre de la Horadada. Perfectly positioned directly opposite the attractive communal gardens and the development&#8217;s two swimming pools, this property offers an exceptional combination of comfort, convenience and Mediterranean [&hellip;]<\/p>\n","protected":false},"author":1,"featured_media":52767,"parent":0,"menu_order":0,"template":"","property_type":[17],"property_status":[51],"property_feature":[13,126,127,623,647,496,588,534,505,556,500],"property_label":[],"property_country":[446],"property_state":[447],"property_city":[471],"property_area":[654,648],"class_list":["post-52744","property","type-property","status-publish","has-post-thumbnail","hentry","property_type-apartment","property_status-resale","property_feature-air-conditioning","property_feature-awnings","property_feature-balcony","property_feature-communal-green-area","property_feature-communal-swimming-pool","property_feature-community-pool","property_feature-covered-terrace","property_feature-furnished","property_feature-garden","property_feature-south-facing","property_feature-terrace","property_country-spain","property_state-alc","property_city-ph","property_area-fotocasa","property_area-torre-de-la-horadada"],"property_meta":{"_edit_lock":["1786095572:1"],"rank_math_internal_links_processed":["1"],"rank_math_seo_score":["8"],"_thumbnail_id":["52767"],"_edit_last":["1"],"fave_property_price":["259500"],"fave_show_price_placeholder":["0"],"fave_property_size":["60"],"fave_property_size_prefix":["m\u00b2"],"fave_property_land":["92"],"fave_property_land_postfix":["m\u00b2"],"fave_property_bedrooms":["2"],"fave_property_bathrooms":["2"],"fave_property_year":["2017"],"fave_property_id":["242C"],"fave_property_map":["1"],"fave_property_map_address":["Torre de la Horadada"],"fave_property_location":["37.8685307,-0.7590149,15"],"houzez_geolocation_lat":["37.8685307"],"houzez_geolocation_long":["-0.7590149"],"fave_property_map_street_view":["hide"],"fave_featured":["0"],"houzez_featured_listing_date":[""],"fave_loggedintoview":["0"],"fave_property_images":["52746","52766","52745","52748","52749","52750","52751","52752","52753","52756","52758","52754","52764","52757","52761","52760","52762","52759","52747","52765","52767","52769","52763","52755"],"fave_agent_display_option":["author_info"],"fave_prop_homeslider":["no"],"fave_energy_class":["C"],"fave_single_top_area":["global"],"fave_single_content_area":["global"],"cmplz_hide_cookiebanner":[""],"houzez_manual_expire":["0"],"_houzez_expiration_date_status":["saved"],"houzez_total_property_views":["267"],"houzez_views_by_date":["a:48:{s:10:\"07-18-2026\";i:24;s:10:\"07-19-2026\";i:33;s:10:\"07-20-2026\";i:9;s:10:\"07-21-2026\";i:18;s:10:\"07-22-2026\";i:10;s:10:\"07-23-2026\";i:4;s:10:\"07-24-2026\";i:5;s:10:\"07-25-2026\";i:10;s:10:\"07-26-2026\";i:7;s:10:\"07-27-2026\";i:8;s:10:\"07-28-2026\";i:7;s:10:\"07-29-2026\";i:4;s:10:\"07-30-2026\";i:4;s:10:\"07-31-2026\";i:4;s:10:\"08-01-2026\";i:3;s:10:\"08-02-2026\";i:2;s:10:\"08-03-2026\";i:4;s:10:\"08-04-2026\";i:3;s:10:\"08-05-2026\";i:5;s:10:\"08-06-2026\";i:5;s:10:\"08-07-2026\";i:7;s:10:\"08-08-2026\";i:7;s:10:\"08-10-2026\";i:6;s:10:\"08-11-2026\";i:4;s:10:\"08-12-2026\";i:5;s:10:\"08-13-2026\";i:1;s:10:\"08-14-2026\";i:1;s:10:\"08-15-2026\";i:3;s:10:\"08-16-2026\";i:4;s:10:\"08-18-2026\";i:5;s:10:\"08-19-2026\";i:2;s:10:\"08-20-2026\";i:1;s:10:\"08-21-2026\";i:2;s:10:\"08-22-2026\";i:2;s:10:\"08-23-2026\";i:4;s:10:\"08-24-2026\";i:3;s:10:\"08-25-2026\";i:3;s:10:\"08-26-2026\";i:1;s:10:\"08-27-2026\";i:7;s:10:\"08-28-2026\";i:1;s:10:\"08-29-2026\";i:3;s:10:\"08-30-2026\";i:4;s:10:\"08-31-2026\";i:1;s:10:\"09-01-2026\";i:1;s:10:\"09-02-2026\";i:5;s:10:\"09-03-2026\";i:7;s:10:\"09-04-2026\";i:1;s:10:\"09-05-2026\";i:7;}"],"houzez_recently_viewed":["2026-09-05 20:06:14"],"_wp_page_template":["default"],"_elementor_page_assets":["a:0:{}"]},"_links":{"self":[{"href":"https:\/\/casaspanishhomes.com\/fr\/wp-json\/wp\/v2\/properties\/52744","targetHints":{"allow":["GET"]}}],"collection":[{"href":"https:\/\/casaspanishhomes.com\/fr\/wp-json\/wp\/v2\/properties"}],"about":[{"href":"https:\/\/casaspanishhomes.com\/fr\/wp-json\/wp\/v2\/types\/property"}],"author":[{"embeddable":true,"href":"https:\/\/casaspanishhomes.com\/fr\/wp-json\/wp\/v2\/users\/1"}],"version-history":[{"count":1,"href":"https:\/\/casaspanishhomes.com\/fr\/wp-json\/wp\/v2\/properties\/52744\/revisions"}],"predecessor-version":[{"id":52771,"href":"https:\/\/casaspanishhomes.com\/fr\/wp-json\/wp\/v2\/properties\/52744\/revisions\/52771"}],"wp:featuredmedia":[{"embeddable":true,"href":"https:\/\/casaspanishhomes.com\/fr\/wp-json\/wp\/v2\/media\/52767"}],"wp:attachment":[{"href":"https:\/\/casaspanishhomes.com\/fr\/wp-json\/wp\/v2\/media?parent=52744"}],"wp:term":[{"taxonomy":"property_type","embeddable":true,"href":"https:\/\/casaspanishhomes.com\/fr\/wp-json\/wp\/v2\/property_type?post=52744"},{"taxonomy":"property_status","embeddable":true,"href":"https:\/\/casaspanishhomes.com\/fr\/wp-json\/wp\/v2\/property_status?post=52744"},{"taxonomy":"property_feature","embeddable":true,"href":"https:\/\/casaspanishhomes.com\/fr\/wp-json\/wp\/v2\/property_feature?post=52744"},{"taxonomy":"property_label","embeddable":true,"href":"https:\/\/casaspanishhomes.com\/fr\/wp-json\/wp\/v2\/property_label?post=52744"},{"taxonomy":"property_country","embeddable":true,"href":"https:\/\/casaspanishhomes.com\/fr\/wp-json\/wp\/v2\/property_country?post=52744"},{"taxonomy":"property_state","embeddable":true,"href":"https:\/\/casaspanishhomes.com\/fr\/wp-json\/wp\/v2\/property_state?post=52744"},{"taxonomy":"property_city","embeddable":true,"href":"https:\/\/casaspanishhomes.com\/fr\/wp-json\/wp\/v2\/property_city?post=52744"},{"taxonomy":"property_area","embeddable":true,"href":"https:\/\/casaspanishhomes.com\/fr\/wp-json\/wp\/v2\/property_area?post=52744"}],"curies":[{"name":"wp","href":"https:\/\/api.w.org\/{rel}","templated":true}]}}