{"id":53330,"date":"2026-09-01T15:05:35","date_gmt":"2026-09-01T15:05:35","guid":{"rendered":"https:\/\/casaspanishhomes.com\/?post_type=property&#038;p=53330"},"modified":"2026-09-01T15:32:04","modified_gmt":"2026-09-01T15:32:04","slug":"259-2","status":"publish","type":"property","link":"https:\/\/casaspanishhomes.com\/fr\/property\/259-2\/","title":{"rendered":"MAGNIFIQUE MAISON INDIVIDUELLE \u00c0 VENDRE \u00c0 CIUDAD QUESADA"},"content":{"rendered":"<p class=\"has-text-align-center wp-block-paragraph\">Bienvenue sur <strong>Ciudad Quesada<\/strong> Une villa de luxe exceptionnelle, enti\u00e8rement ind\u00e9pendante, offrant une combinaison remarquable d&#039;espace, de qualit\u00e9 de construction, d&#039;intimit\u00e9, d&#039;excellence technique et de flexibilit\u00e9 d&#039;investissement.<br><br>Construit \u00e0 l&#039;origine pour <strong>normes de construction suisses exceptionnellement \u00e9lev\u00e9es<\/strong> M\u00e9ticuleusement entretenue par les m\u00eames propri\u00e9taires depuis 20 ans, cette impressionnante propri\u00e9t\u00e9 a \u00e9t\u00e9 con\u00e7ue pour un confort de vie optimal tout au long de l&#039;ann\u00e9e, tout en offrant un potentiel exceptionnel en tant que r\u00e9sidence familiale multig\u00e9n\u00e9rationnelle, maison avec revenus locatifs ind\u00e9pendants ou investissement de vacances performant.<br><br>Un rapport d&#039;architecte ind\u00e9pendant confirme la propri\u00e9t\u00e9 <strong>statut pleinement l\u00e9gal et enregistr\u00e9<\/strong>, avec toutes les structures existantes cartographi\u00e9es par GPS, autoris\u00e9es et mentionn\u00e9es dans la documentation officielle de la propri\u00e9t\u00e9.<br><br>Avec h\u00e9bergement pour <strong>14 \u00e0 16 invit\u00e9s<\/strong>, Avec ses 14 couchages permanents, la villa offre un espace et une polyvalence exceptionnels.<br><br>La propri\u00e9t\u00e9 comprend une r\u00e9sidence principale spacieuse ainsi qu&#039;une <strong>appartement d&#039;h\u00f4tes enti\u00e8rement l\u00e9gal et ind\u00e9pendant<\/strong>, cr\u00e9ant ainsi plusieurs possibilit\u00e9s int\u00e9ressantes\u00a0:<br><br>Habiter la villa principale tout en louant l&#039;appartement ind\u00e9pendant pour contribuer aux mensualit\u00e9s du pr\u00eat hypoth\u00e9caire et aux frais de fonctionnement.<br><br>Cr\u00e9ez le parfait <strong>maison familiale multig\u00e9n\u00e9rationnelle<\/strong>, permettant ainsi \u00e0 plusieurs g\u00e9n\u00e9rations de profiter de la propri\u00e9t\u00e9 tout en pr\u00e9servant leur intimit\u00e9 et leur ind\u00e9pendance.<br><br>Exploiter l&#039;ensemble de la propri\u00e9t\u00e9 comme location de vacances haut de gamme pour les grands groupes et les familles.<br><br>La villa est propos\u00e9e <strong>Enti\u00e8rement meubl\u00e9 et cl\u00e9 en main<\/strong>, permettant ainsi au nouveau propri\u00e9taire d&#039;emm\u00e9nager ou de commencer \u00e0 exploiter le bien en tant que location avec un investissement suppl\u00e9mentaire minimal.<br><br>La propri\u00e9t\u00e9 offre environ <strong>285,40 m\u00b2 de surface construite<\/strong>, r\u00e9partis entre la r\u00e9sidence principale et les logements d&#039;h\u00f4tes ind\u00e9pendants.<br><br>La villa principale et l&#039;appartement d&#039;invit\u00e9s offrent tous deux <strong>logement de plain-pied au rez-de-chauss\u00e9e<\/strong>, ce qui rend la propri\u00e9t\u00e9 particuli\u00e8rement pratique et accessible aux familles de tous \u00e2ges.<br><br>La r\u00e9sidence principale b\u00e9n\u00e9ficie \u00e9galement d&#039;un \u00e9tage sup\u00e9rieur suppl\u00e9mentaire d&#039;environ <strong>40 m\u00b2<\/strong>, accessible par un escalier depuis l&#039;une des pi\u00e8ces. Cet espace polyvalent comprend\u00a0:<br><br>Une pi\u00e8ce polyvalente enti\u00e8rement isol\u00e9e et am\u00e9nag\u00e9e, id\u00e9ale comme salle de jeux, bureau \u00e0 domicile, salle de loisirs ou chambre suppl\u00e9mentaire.<br>Plusieurs pi\u00e8ces de rangement spacieuses et des espaces de rangement int\u00e9gr\u00e9s.<br>Acc\u00e8s direct \u00e0 un solarium priv\u00e9.<br>Une douche ext\u00e9rieure, id\u00e9ale pour se rafra\u00eechir apr\u00e8s avoir profit\u00e9 du soleil.<br><br>L&#039;appartement ind\u00e9pendant pour les invit\u00e9s poss\u00e8de son propre espace impressionnant <strong>solarium sur le toit d&#039;environ 65 m\u00b2<\/strong>, offrant des vues panoramiques sur les environs, y compris le <strong>lac sal\u00e9 et en direction de Torrevieja<\/strong>.<br><br>Install\u00e9 sur un g\u00e9n\u00e9reux <strong>parcelle priv\u00e9e de 770 m\u00b2<\/strong>, La villa a \u00e9t\u00e9 soigneusement con\u00e7ue pour profiter au maximum de la vie en ext\u00e9rieur tout au long de la journ\u00e9e.<br><br>De multiples terrasses et espaces de d\u00e9tente offrent soleil et ombre, permettant aux r\u00e9sidents et aux invit\u00e9s de profiter confortablement du plein air \u00e0 diff\u00e9rents moments de la journ\u00e9e.<br><br><strong>Trois pergolas \u00e9l\u00e9gantes<\/strong>, id\u00e9al pour les repas en plein air, la d\u00e9tente et les r\u00e9ceptions.<br><strong>Deux espaces barbecue s\u00e9par\u00e9s<\/strong>, notamment un barbecue \u00e0 gaz pour cuisiner facilement en plein air et une chemin\u00e9e traditionnelle en ma\u00e7onnerie avec barbecue int\u00e9gr\u00e9, pour le bois ou le charbon de bois.<br>Une belle <strong>Piscine priv\u00e9e de 32 m\u00b2<\/strong>, cr\u00e9ant ainsi le point de convergence id\u00e9al pour profiter pleinement de l&#039;\u00e9t\u00e9 et recevoir.<br>De nombreux espaces ext\u00e9rieurs am\u00e9nag\u00e9s pour s&#039;asseoir et se d\u00e9tendre.<br><br>Que ce soit pour savourer un caf\u00e9 matinal au calme, un long d\u00e9jeuner en famille sous la pergola ou une soir\u00e9e autour du barbecue, les espaces ext\u00e9rieurs ont \u00e9t\u00e9 con\u00e7us dans un esprit de vie m\u00e9diterran\u00e9enne d\u00e9contract\u00e9e.<br><br>L&#039;une des caract\u00e9ristiques les plus remarquables de cette propri\u00e9t\u00e9 est la qualit\u00e9 de sa construction.<br>La villa principale a \u00e9t\u00e9 construite par un <strong>entreprise de construction suisse<\/strong>, int\u00e9grant une isolation performante au niveau du toit, des murs et des sols. La propri\u00e9t\u00e9 est \u00e9galement sur\u00e9lev\u00e9e par rapport \u00e0 un <strong>vide sanitaire ventil\u00e9<\/strong>, contribuant ainsi \u00e0 un environnement int\u00e9rieur sec, sain et confortable.<br><br>L&#039;appartement ind\u00e9pendant pour invit\u00e9s, construit il y a environ 15 ans, a \u00e9t\u00e9 b\u00e2ti pour <strong>principes de construction nordiques\/scandinaves stricts<\/strong>, y compris une dalle de fondation en b\u00e9ton isol\u00e9e et \u00e9tanche \u00e0 l&#039;humidit\u00e9.<br><br>Le r\u00e9sultat est un bien immobilier con\u00e7u avec une attention particuli\u00e8re port\u00e9e \u00e0 l&#039;isolation, \u00e0 la protection contre l&#039;humidit\u00e9, \u00e0 la durabilit\u00e9 et au confort int\u00e9rieur.<br><br>La propri\u00e9t\u00e9 b\u00e9n\u00e9ficie \u00e9galement d&#039;un <strong>toute nouvelle installation solaire thermique achev\u00e9e en 2026<\/strong>.<br>Le syst\u00e8me int\u00e8gre un <strong>R\u00e9servoir serpentin Aqua Flex 200 MRV reli\u00e9 \u00e0 cinq capteurs solaires thermiques sur le toit<\/strong>, fournissant de l&#039;eau chaude sanitaire chauff\u00e9e \u00e0 l&#039;\u00e9nergie solaire et une int\u00e9gration avec le syst\u00e8me de chauffage au sol hydronique de la propri\u00e9t\u00e9.<br><br>Le chauffage au sol fonctionne \u00e0 environ <strong>40\u00b0C<\/strong>, permettant ainsi au syst\u00e8me solaire thermique de contribuer au chauffage hivernal tout en r\u00e9duisant consid\u00e9rablement la d\u00e9pendance aux sources d&#039;\u00e9nergie conventionnelles lorsque les conditions solaires le permettent.<br><br>Ceci est compl\u00e9t\u00e9 par :<br><br>Chauffage au sol hydraulique dans toute la villa principale.<br>R\u00e9glage individuel de la temp\u00e9rature par zone.<br>Unit\u00e9s de climatisation modernes \u00e0 onduleur assurant le chauffage et la climatisation des chambres et des pi\u00e8ces \u00e0 vivre.<br>Chemin\u00e9es dans le salon principal et dans la salle \u00e0 manger.<br>Fen\u00eatres isolantes \u00e0 double vitrage haute performance offrant une isolation thermique et acoustique am\u00e9lior\u00e9e.<br><br>La r\u00e9sidence principale b\u00e9n\u00e9ficie de <strong>plomberie en cuivre de haute qualit\u00e9 dans tout le syst\u00e8me<\/strong>, y compris une conduite d&#039;eau principale en cuivre raccord\u00e9e directement au r\u00e9seau de voirie.<br><br>Lors de la construction de l&#039;appartement ind\u00e9pendant pour les invit\u00e9s, un <strong>nouveau raccordement ind\u00e9pendant aux r\u00e9seaux d&#039;\u00e9gouts et de drainage<\/strong> elle a \u00e9galement \u00e9t\u00e9 install\u00e9e directement sur le r\u00e9seau routier principal.<br><br>Ces d\u00e9tails t\u00e9moignent des investissements consid\u00e9rables r\u00e9alis\u00e9s par les propri\u00e9taires actuels au cours des deux derni\u00e8res d\u00e9cennies pour maintenir et am\u00e9liorer la propri\u00e9t\u00e9 \u00e0 un niveau \u00e9lev\u00e9.<br><br>Malgr\u00e9 son cadre r\u00e9sidentiel paisible, la villa est id\u00e9alement situ\u00e9e \u00e0 proximit\u00e9 des commodit\u00e9s de Ciudad Quesada.<br><strong>Environ 130 m\u00e8tres<\/strong> jusqu&#039;\u00e0 la rue suivante, o\u00f9 vous trouverez un choix de restaurants et de bars.<br><strong>\u00c0 environ 400 m\u00e8tres de Do\u00f1a Pepa<\/strong>, avec des pharmacies, un centre m\u00e9dical, des restaurants et d&#039;autres services.<br><strong>\u00c0 environ 900 m\u00e8tres du centre-ville de Ciudad Quesada<\/strong>, offrant des commerces, des restaurants, des divertissements et des commodit\u00e9s quotidiennes.<br><br>L&#039;emplacement offre un excellent \u00e9quilibre entre tranquillit\u00e9 r\u00e9sidentielle et acc\u00e8s facile \u00e0 toutes les commodit\u00e9s n\u00e9cessaires, que ce soit pour une r\u00e9sidence permanente ou une location de vacances.<br><br>C&#039;est un <strong>propri\u00e9t\u00e9 substantielle, enti\u00e8rement \u00e9quip\u00e9e et exceptionnellement polyvalente<\/strong>, pouvant servir de r\u00e9sidence familiale de luxe, de maison multig\u00e9n\u00e9rationnelle, de propri\u00e9t\u00e9 avec logement locatif ind\u00e9pendant ou d&#039;investissement locatif de vacances \u00e0 grande capacit\u00e9.<br><br>Une v\u00e9ritable propri\u00e9t\u00e9 cl\u00e9 en main offrant l&#039;espace, la qualit\u00e9 et la flexibilit\u00e9 n\u00e9cessaires pour s&#039;adapter au style de vie ou \u00e0 la strat\u00e9gie d&#039;investissement de son prochain propri\u00e9taire.<br><br><br><strong>IBI : \u20ac<\/strong><\/p>","protected":false},"excerpt":{"rendered":"<p>Welcome to Ciudad Quesada an exceptional, fully detached luxury villa offering an outstanding combination of space, construction quality, privacy, technical excellence and investment flexibility. Originally built to exceptionally high Swiss construction standards and meticulously maintained by the same owners for the past 20 years, this impressive property has been designed for comfortable year-round living while [&hellip;]<\/p>\n","protected":false},"author":1,"featured_media":53356,"parent":0,"menu_order":0,"template":"","property_type":[57],"property_status":[51],"property_feature":[13,653,515,154,557,641,546,534,505,548,620,657,585,658,518,646,604,507,595,500,570],"property_label":[],"property_country":[446],"property_state":[447],"property_city":[],"property_area":[],"class_list":["post-53330","property","type-property","status-publish","has-post-thumbnail","hentry","property_type-villa","property_status-resale","property_feature-air-conditioning","property_feature-appliances","property_feature-barbecue","property_feature-ceiling-fanss","property_feature-east-west-facing","property_feature-excellent-location-close-to-amenities","property_feature-fireplace","property_feature-furnished","property_feature-garden","property_feature-laundry-room","property_feature-mezzanine","property_feature-nice-views","property_feature-osmosis","property_feature-pellet-burner","property_feature-pergola","property_feature-private-swimming-pool","property_feature-separate-accommodation","property_feature-solarium","property_feature-storage","property_feature-terrace","property_feature-utility-room","property_country-spain","property_state-alc"],"property_meta":{"_edit_lock":["1788276725:1"],"rank_math_internal_links_processed":["1"],"rank_math_seo_score":["11"],"_thumbnail_id":["53356"],"_edit_last":["1"],"fave_show_price_placeholder":["0"],"fave_property_size":["285,40"],"fave_property_size_prefix":["m\u00b2"],"fave_property_land":["770"],"fave_property_land_postfix":["m\u00b2"],"fave_property_id":["259"],"fave_property_map":["1"],"fave_property_map_address":["Ciudad Quesada"],"fave_property_location":["38.0644491,-0.717674,15"],"houzez_geolocation_lat":["38.0644491"],"houzez_geolocation_long":["-0.717674"],"fave_property_map_street_view":["hide"],"fave_featured":["0"],"houzez_featured_listing_date":[""],"fave_loggedintoview":["0"],"fave_agent_display_option":["author_info"],"fave_prop_homeslider":["no"],"fave_energy_class":["C"],"fave_energy_global_index":["19"],"fave_ghg_emissions_class":["D"],"fave_ghg_emissions_index":["111"],"fave_single_top_area":["global"],"fave_single_content_area":["global"],"cmplz_hide_cookiebanner":[""],"houzez_manual_expire":["0"],"_houzez_expiration_date_status":["saved"],"fave_property_price":["699500"],"fave_property_bedrooms":["6"],"fave_property_bathrooms":["3"],"fave_property_year":["1985"],"fave_property_images":["53360","53343","53345","53352","53346","53331","53337","53334","53335","53355","53351","53347","53350","53349","53333","53332","53341","53342","53353","53348","53354","53340","53336","53339","53361"],"houzez_total_property_views":["20"],"houzez_views_by_date":["a:2:{s:10:\"09-01-2026\";i:1;s:10:\"09-02-2026\";i:19;}"],"houzez_recently_viewed":["2026-09-02 21:26:30"],"_elementor_page_assets":["a:0:{}"]},"_links":{"self":[{"href":"https:\/\/casaspanishhomes.com\/fr\/wp-json\/wp\/v2\/properties\/53330","targetHints":{"allow":["GET"]}}],"collection":[{"href":"https:\/\/casaspanishhomes.com\/fr\/wp-json\/wp\/v2\/properties"}],"about":[{"href":"https:\/\/casaspanishhomes.com\/fr\/wp-json\/wp\/v2\/types\/property"}],"author":[{"embeddable":true,"href":"https:\/\/casaspanishhomes.com\/fr\/wp-json\/wp\/v2\/users\/1"}],"version-history":[{"count":2,"href":"https:\/\/casaspanishhomes.com\/fr\/wp-json\/wp\/v2\/properties\/53330\/revisions"}],"predecessor-version":[{"id":53362,"href":"https:\/\/casaspanishhomes.com\/fr\/wp-json\/wp\/v2\/properties\/53330\/revisions\/53362"}],"wp:featuredmedia":[{"embeddable":true,"href":"https:\/\/casaspanishhomes.com\/fr\/wp-json\/wp\/v2\/media\/53356"}],"wp:attachment":[{"href":"https:\/\/casaspanishhomes.com\/fr\/wp-json\/wp\/v2\/media?parent=53330"}],"wp:term":[{"taxonomy":"property_type","embeddable":true,"href":"https:\/\/casaspanishhomes.com\/fr\/wp-json\/wp\/v2\/property_type?post=53330"},{"taxonomy":"property_status","embeddable":true,"href":"https:\/\/casaspanishhomes.com\/fr\/wp-json\/wp\/v2\/property_status?post=53330"},{"taxonomy":"property_feature","embeddable":true,"href":"https:\/\/casaspanishhomes.com\/fr\/wp-json\/wp\/v2\/property_feature?post=53330"},{"taxonomy":"property_label","embeddable":true,"href":"https:\/\/casaspanishhomes.com\/fr\/wp-json\/wp\/v2\/property_label?post=53330"},{"taxonomy":"property_country","embeddable":true,"href":"https:\/\/casaspanishhomes.com\/fr\/wp-json\/wp\/v2\/property_country?post=53330"},{"taxonomy":"property_state","embeddable":true,"href":"https:\/\/casaspanishhomes.com\/fr\/wp-json\/wp\/v2\/property_state?post=53330"},{"taxonomy":"property_city","embeddable":true,"href":"https:\/\/casaspanishhomes.com\/fr\/wp-json\/wp\/v2\/property_city?post=53330"},{"taxonomy":"property_area","embeddable":true,"href":"https:\/\/casaspanishhomes.com\/fr\/wp-json\/wp\/v2\/property_area?post=53330"}],"curies":[{"name":"wp","href":"https:\/\/api.w.org\/{rel}","templated":true}]}}